{"id":2178,"date":"2023-01-02T13:40:18","date_gmt":"2023-01-02T12:40:18","guid":{"rendered":"https:\/\/steinhauerstube.de\/CMS\/?page_id=2178"},"modified":"2023-01-06T19:25:18","modified_gmt":"2023-01-06T18:25:18","slug":"2022-portalsteine","status":"publish","type":"page","link":"https:\/\/steinhauerstube.de\/CMS\/2022-portalsteine\/","title":{"rendered":"2022-Portalsteine"},"content":{"rendered":"\t\t<div data-elementor-type=\"wp-page\" data-elementor-id=\"2178\" class=\"elementor elementor-2178\">\n\t\t\t\t\t\t<section class=\"elementor-section elementor-top-section elementor-element elementor-element-68f17d5 elementor-section-boxed elementor-section-height-default elementor-section-height-default\" data-id=\"68f17d5\" data-element_type=\"section\" data-e-type=\"section\" data-settings=\"{&quot;shape_divider_top&quot;:&quot;book&quot;,&quot;shape_divider_top_negative&quot;:&quot;yes&quot;}\">\n\t\t\t\t\t<div class=\"elementor-shape elementor-shape-top\" aria-hidden=\"true\" data-negative=\"true\">\n\t\t\t<svg xmlns=\"http:\/\/www.w3.org\/2000\/svg\" viewBox=\"0 0 1000 100\" preserveAspectRatio=\"none\">\n\t<path class=\"elementor-shape-fill\" d=\"M806,94.7C619.5,90,500,20.3,500,1.7c-1,18.6-117.5,88.3-306,93C92,97.2,0,97.9,0,97.9v-0l0,0v2.3h1000v-2.3 C1000,97.7,920.3,97.6,806,94.7z M350,65.1L350,65.1L350,65.1L350,65.1z\"\/>\n<\/svg>\n\t\t<\/div>\n\t\t\t\t\t<div class=\"elementor-container elementor-column-gap-default\">\n\t\t\t\t\t<div class=\"elementor-column elementor-col-100 elementor-top-column elementor-element elementor-element-3401f7f\" data-id=\"3401f7f\" data-element_type=\"column\" data-e-type=\"column\">\n\t\t\t<div class=\"elementor-widget-wrap elementor-element-populated\">\n\t\t\t\t\t\t<div class=\"elementor-element elementor-element-46c158b elementor-widget elementor-widget-spacer\" data-id=\"46c158b\" data-element_type=\"widget\" data-e-type=\"widget\" data-widget_type=\"spacer.default\">\n\t\t\t\t<div class=\"elementor-widget-container\">\n\t\t\t\t\t<span id=46c158b><\/span>\t\t<div class=\"elementor-spacer\">\n\t\t\t<div class=\"elementor-spacer-inner\"><\/div>\n\t\t<\/div>\n\t\t\t\t\t\t<\/div>\n\t\t\t\t<\/div>\n\t\t\t\t\t<\/div>\n\t\t<\/div>\n\t\t\t\t\t<\/div>\n\t\t<\/section>\n\t\t\t\t<section class=\"elementor-section elementor-top-section elementor-element elementor-element-595cf05 elementor-section-boxed elementor-section-height-default elementor-section-height-default\" data-id=\"595cf05\" data-element_type=\"section\" data-e-type=\"section\">\n\t\t\t\t\t\t<div class=\"elementor-container elementor-column-gap-default\">\n\t\t\t\t\t<div class=\"elementor-column elementor-col-100 elementor-top-column elementor-element elementor-element-6e16a49\" data-id=\"6e16a49\" data-element_type=\"column\" data-e-type=\"column\">\n\t\t\t<div class=\"elementor-widget-wrap elementor-element-populated\">\n\t\t\t\t\t\t<div class=\"elementor-element elementor-element-05d2dc6 elementor-widget elementor-widget-heading\" data-id=\"05d2dc6\" data-element_type=\"widget\" data-e-type=\"widget\" data-widget_type=\"heading.default\">\n\t\t\t\t<div class=\"elementor-widget-container\">\n\t\t\t\t\t<span id=05d2dc6><\/span><h1 class=\"elementor-heading-title elementor-size-default\">Portalstein auf dem Friedhof in Schmie<\/h1>\t\t\t\t<\/div>\n\t\t\t\t<\/div>\n\t\t\t\t\t<\/div>\n\t\t<\/div>\n\t\t\t\t\t<\/div>\n\t\t<\/section>\n\t\t\t\t<section class=\"elementor-section elementor-top-section elementor-element elementor-element-37641ec elementor-section-boxed elementor-section-height-default elementor-section-height-default\" data-id=\"37641ec\" data-element_type=\"section\" data-e-type=\"section\">\n\t\t\t\t\t\t<div class=\"elementor-container elementor-column-gap-default\">\n\t\t\t\t\t<div class=\"elementor-column elementor-col-100 elementor-top-column elementor-element elementor-element-59abbb9\" data-id=\"59abbb9\" data-element_type=\"column\" data-e-type=\"column\">\n\t\t\t<div class=\"elementor-widget-wrap elementor-element-populated\">\n\t\t\t\t\t\t<div class=\"elementor-element elementor-element-39a6754 elementor-arrows-position-inside elementor-pagination-position-outside elementor-widget elementor-widget-image-carousel\" data-id=\"39a6754\" data-element_type=\"widget\" data-e-type=\"widget\" data-settings=\"{&quot;slides_to_show&quot;:&quot;1&quot;,&quot;navigation&quot;:&quot;both&quot;,&quot;autoplay&quot;:&quot;yes&quot;,&quot;pause_on_hover&quot;:&quot;yes&quot;,&quot;pause_on_interaction&quot;:&quot;yes&quot;,&quot;autoplay_speed&quot;:5000,&quot;infinite&quot;:&quot;yes&quot;,&quot;effect&quot;:&quot;slide&quot;,&quot;speed&quot;:500}\" data-widget_type=\"image-carousel.default\">\n\t\t\t\t<div class=\"elementor-widget-container\">\n\t\t\t\t\t<span id=39a6754><\/span>\t\t<div class=\"elementor-image-carousel-wrapper swiper\" role=\"region\" aria-roledescription=\"carousel\" aria-label=\"Bild Karussell\" dir=\"ltr\">\n\t\t\t<div class=\"elementor-image-carousel swiper-wrapper\" aria-live=\"off\">\n\t\t\t\t\t\t\t\t<div class=\"swiper-slide\" role=\"group\" aria-roledescription=\"slide\" aria-label=\"1 von 3\"><figure class=\"swiper-slide-inner\"><img decoding=\"async\" class=\"swiper-slide-image\" src=\"https:\/\/steinhauerstube.de\/CMS\/wp-content\/uploads\/elementor\/thumbs\/2022-04_Image-PZ-q02ksjoh4qpzw1g0ifws2bo5xnnmdtfwdhhuqmhe68.jpg\" alt=\"Enth\u00fcllung der Gedenktafel f\u00fcr den Portalstein\" \/><figcaption class=\"elementor-image-carousel-caption\">Enth\u00fcllung der Gedenktafel f\u00fcr den Portalstein<\/figcaption><\/figure><\/div><div class=\"swiper-slide\" role=\"group\" aria-roledescription=\"slide\" aria-label=\"2 von 3\"><figure class=\"swiper-slide-inner\"><img decoding=\"async\" class=\"swiper-slide-image\" src=\"https:\/\/steinhauerstube.de\/CMS\/wp-content\/uploads\/elementor\/thumbs\/2023-01-03_Portalstein-mit-Inschrift-scaled-q09wmb280efuqzf19eg013i824eiclw571b4qm248w.jpg\" alt=\"Portalstein mit Inschrift\" \/><figcaption class=\"elementor-image-carousel-caption\">Portalstein mit Inschrift<\/figcaption><\/figure><\/div><div class=\"swiper-slide\" role=\"group\" aria-roledescription=\"slide\" aria-label=\"3 von 3\"><figure class=\"swiper-slide-inner\"><img decoding=\"async\" class=\"swiper-slide-image\" src=\"https:\/\/steinhauerstube.de\/CMS\/wp-content\/uploads\/elementor\/thumbs\/2023-01-03_Gedenktafel-scaled-q09wn2bjilh63obfu886jemlaao5jtwcys87nmxp8g.jpg\" alt=\"Gedenktafel mit Inschrift des Portalsteins\" \/><figcaption class=\"elementor-image-carousel-caption\">Gedenktafel mit Inschrift des Portalsteins<\/figcaption><\/figure><\/div>\t\t\t<\/div>\n\t\t\t\t\t\t\t\t\t\t\t\t<div class=\"elementor-swiper-button elementor-swiper-button-prev\" role=\"button\" tabindex=\"0\">\n\t\t\t\t\t\t<i aria-hidden=\"true\" class=\"eicon-chevron-left\"><\/i>\t\t\t\t\t<\/div>\n\t\t\t\t\t<div class=\"elementor-swiper-button elementor-swiper-button-next\" role=\"button\" tabindex=\"0\">\n\t\t\t\t\t\t<i aria-hidden=\"true\" class=\"eicon-chevron-right\"><\/i>\t\t\t\t\t<\/div>\n\t\t\t\t\n\t\t\t\t\t\t\t\t\t<div class=\"swiper-pagination\"><\/div>\n\t\t\t\t\t\t\t\t\t<\/div>\n\t\t\t\t\t\t<\/div>\n\t\t\t\t<\/div>\n\t\t\t\t\t<\/div>\n\t\t<\/div>\n\t\t\t\t\t<\/div>\n\t\t<\/section>\n\t\t\t\t<section class=\"elementor-section elementor-top-section elementor-element elementor-element-2195c75 elementor-section-boxed elementor-section-height-default elementor-section-height-default\" data-id=\"2195c75\" data-element_type=\"section\" data-e-type=\"section\">\n\t\t\t\t\t\t<div class=\"elementor-container elementor-column-gap-default\">\n\t\t\t\t\t<div class=\"elementor-column elementor-col-100 elementor-top-column elementor-element elementor-element-634702a\" data-id=\"634702a\" data-element_type=\"column\" data-e-type=\"column\">\n\t\t\t<div class=\"elementor-widget-wrap elementor-element-populated\">\n\t\t\t\t\t\t<div class=\"elementor-element elementor-element-f49764f elementor-widget elementor-widget-text-editor\" data-id=\"f49764f\" data-element_type=\"widget\" data-e-type=\"widget\" data-widget_type=\"text-editor.default\">\n\t\t\t\t<div class=\"elementor-widget-container\">\n\t\t\t\t\t<span id=f49764f><\/span>\t\t\t\t<p style=\"text-align: center;\"><span style=\"text-decoration: underline;\"><span style=\"color: #0000ff; text-decoration: underline;\"><a style=\"color: #0000ff; text-decoration: underline;\" href=\"https:\/\/steinhauerstube.de\/CMS\/wp-content\/uploads\/2023\/01\/bnn.bnn_bnn_brettener_nachrichten.26.04.2022.pdf\" target=\"_blank\" rel=\"noopener\">Bericht in der Brettener Woche vom 26.4.2022 [mehr&#8230;]<\/a><\/span><\/span><\/p>\t\t\t\t\t\t\t\t<\/div>\n\t\t\t\t<\/div>\n\t\t\t\t<div class=\"elementor-element elementor-element-5012d61 elementor-widget elementor-widget-heading\" data-id=\"5012d61\" data-element_type=\"widget\" data-e-type=\"widget\" data-widget_type=\"heading.default\">\n\t\t\t\t<div class=\"elementor-widget-container\">\n\t\t\t\t\t<span id=5012d61><\/span><h1 class=\"elementor-heading-title elementor-size-default\">Inschrift f\u00fcr die Nachwelt gesichert<\/h1>\t\t\t\t<\/div>\n\t\t\t\t<\/div>\n\t\t\t\t\t<\/div>\n\t\t<\/div>\n\t\t\t\t\t<\/div>\n\t\t<\/section>\n\t\t\t\t<section class=\"elementor-section elementor-top-section elementor-element elementor-element-52c8785 elementor-section-boxed elementor-section-height-default elementor-section-height-default\" data-id=\"52c8785\" data-element_type=\"section\" data-e-type=\"section\">\n\t\t\t\t\t\t<div class=\"elementor-container elementor-column-gap-default\">\n\t\t\t\t\t<div class=\"elementor-column elementor-col-100 elementor-top-column elementor-element elementor-element-75157e0\" data-id=\"75157e0\" data-element_type=\"column\" data-e-type=\"column\">\n\t\t\t<div class=\"elementor-widget-wrap elementor-element-populated\">\n\t\t\t\t\t\t<div class=\"elementor-element elementor-element-ae5d165 elementor-widget elementor-widget-text-editor\" data-id=\"ae5d165\" data-element_type=\"widget\" data-e-type=\"widget\" data-widget_type=\"text-editor.default\">\n\t\t\t\t<div class=\"elementor-widget-container\">\n\t\t\t\t\t<span id=ae5d165><\/span>\t\t\t\t<p>Weil auf dem Friedhof in Schmie die Schrift auf einem Portalstein aus dem Jahr 1826 durch Witterungseinfl\u00fcsse immer schwerer zu lesen ist &#8211; aus Gr\u00fcnden des Denkmalschutzes diese aber nicht nachgearbeitet werden kann &#8211; konnte die komplette Inschrift auf einer Glasplatte, die vom \u00f6rtlichen Steinmetz Roger Walter auf einer Sandsteins\u00e4ule befestigt worden ist, f\u00fcr die Nachwelt erhalten werden.<\/p><p>In einer feierlichen Zeremonie wurde das so gesicherte Kleindenkmal unter Beisein von B\u00fcrgermeister Andreas Felchle, dem Pfarrer Dr. Lukas Lorbeer, dem Vorsitzenden des B\u00fcrgervereins Schmie Ulrich Klotz, sowie Karl Velte als dem Vertreter von der BWV, die den Erhalt in der Gemeinderatsfraktion beantragt hatte, festlich enth\u00fcllt.<\/p><p>Der Text geht wohl auf eine Inschrift an der T\u00fcr zum Kirchhof in den Dalkauer Bergen bei Gro\u00df-Glogau in Niederschlesien zur\u00fcck. Der Text findet sich in einem Buch des Autors Ludwig Anton Hassler \u201eDer Wandler unter den Gr\u00e4bern\u201c, das 1816 im Freiburg im Breisgau ver\u00f6ffentlicht wurde.<\/p><p>Die Kosten wurden vom \u00f6rtlichen B\u00fcrgerverein und der Stadt Maulbronn je zur H\u00e4lfte getragen.<\/p>\t\t\t\t\t\t\t\t<\/div>\n\t\t\t\t<\/div>\n\t\t\t\t<div class=\"elementor-element elementor-element-6b11eb4 elementor-widget elementor-widget-image\" data-id=\"6b11eb4\" data-element_type=\"widget\" data-e-type=\"widget\" data-widget_type=\"image.default\">\n\t\t\t\t<div class=\"elementor-widget-container\">\n\t\t\t\t\t<span id=6b11eb4><\/span>\t\t\t\t\t\t\t\t\t\t<img fetchpriority=\"high\" decoding=\"async\" width=\"516\" height=\"413\" src=\"https:\/\/steinhauerstube.de\/CMS\/wp-content\/uploads\/2023\/01\/2022-04_Inschrift-Portalstein2.jpg\" class=\"attachment-large size-large wp-image-2194\" alt=\"\" srcset=\"https:\/\/steinhauerstube.de\/CMS\/wp-content\/uploads\/2023\/01\/2022-04_Inschrift-Portalstein2.jpg 516w, https:\/\/steinhauerstube.de\/CMS\/wp-content\/uploads\/2023\/01\/2022-04_Inschrift-Portalstein2-300x240.jpg 300w\" sizes=\"(max-width: 516px) 100vw, 516px\" \/>\t\t\t\t\t\t\t\t\t\t\t\t\t\t\t<\/div>\n\t\t\t\t<\/div>\n\t\t\t\t\t<\/div>\n\t\t<\/div>\n\t\t\t\t\t<\/div>\n\t\t<\/section>\n\t\t\t\t<section class=\"elementor-section elementor-top-section elementor-element elementor-element-f78599b elementor-section-boxed elementor-section-height-default elementor-section-height-default\" data-id=\"f78599b\" data-element_type=\"section\" data-e-type=\"section\" data-settings=\"{&quot;shape_divider_bottom&quot;:&quot;book&quot;}\">\n\t\t\t\t\t<div class=\"elementor-shape elementor-shape-bottom\" aria-hidden=\"true\" data-negative=\"false\">\n\t\t\t<svg xmlns=\"http:\/\/www.w3.org\/2000\/svg\" viewBox=\"0 0 1000 100\" preserveAspectRatio=\"none\">\n\t<path class=\"elementor-shape-fill\" d=\"M194,99c186.7,0.7,305-78.3,306-97.2c1,18.9,119.3,97.9,306,97.2c114.3-0.3,194,0.3,194,0.3s0-91.7,0-100c0,0,0,0,0-0 L0,0v99.3C0,99.3,79.7,98.7,194,99z\"\/>\n<\/svg>\t\t<\/div>\n\t\t\t\t\t<div class=\"elementor-container elementor-column-gap-default\">\n\t\t\t\t\t<div class=\"elementor-column elementor-col-100 elementor-top-column elementor-element elementor-element-81c4501\" data-id=\"81c4501\" data-element_type=\"column\" data-e-type=\"column\">\n\t\t\t<div class=\"elementor-widget-wrap elementor-element-populated\">\n\t\t\t\t\t\t<div class=\"elementor-element elementor-element-abb0632 elementor-widget elementor-widget-spacer\" data-id=\"abb0632\" data-element_type=\"widget\" data-e-type=\"widget\" data-widget_type=\"spacer.default\">\n\t\t\t\t<div class=\"elementor-widget-container\">\n\t\t\t\t\t<span id=abb0632><\/span>\t\t<div class=\"elementor-spacer\">\n\t\t\t<div class=\"elementor-spacer-inner\"><\/div>\n\t\t<\/div>\n\t\t\t\t\t\t<\/div>\n\t\t\t\t<\/div>\n\t\t\t\t\t<\/div>\n\t\t<\/div>\n\t\t\t\t\t<\/div>\n\t\t<\/section>\n\t\t\t\t<\/div>\n\t\t","protected":false},"excerpt":{"rendered":"<p>Portalstein auf dem Friedhof in Schmie Enth\u00fcllung der Gedenktafel f\u00fcr den Portalstein Portalstein mit Inschrift Zur\u00fcck Weiter Bericht in der Brettener Woche vom 26.4.2022 [mehr&#8230;] Inschrift f\u00fcr die Nachwelt gesichert Weil auf dem Friedhof in Schmie die Schrift auf einem Portalstein aus dem Jahr 1826 durch Witterungseinfl\u00fcsse immer schwerer zu lesen ist &#8211; aus Gr\u00fcnden [&hellip;]<\/p>\n","protected":false},"author":1,"featured_media":0,"parent":0,"menu_order":0,"comment_status":"closed","ping_status":"closed","template":"elementor_header_footer","meta":{"ocean_post_layout":"full-screen","ocean_both_sidebars_style":"","ocean_both_sidebars_content_width":0,"ocean_both_sidebars_sidebars_width":0,"ocean_sidebar":"0","ocean_second_sidebar":"0","ocean_disable_margins":"enable","ocean_add_body_class":"","ocean_shortcode_before_top_bar":"","ocean_shortcode_after_top_bar":"","ocean_shortcode_before_header":"","ocean_shortcode_after_header":"","ocean_has_shortcode":"","ocean_shortcode_after_title":"","ocean_shortcode_before_footer_widgets":"","ocean_shortcode_after_footer_widgets":"","ocean_shortcode_before_footer_bottom":"","ocean_shortcode_after_footer_bottom":"","ocean_display_top_bar":"default","ocean_display_header":"default","ocean_header_style":"","ocean_center_header_left_menu":"0","ocean_custom_header_template":"0","ocean_custom_logo":0,"ocean_custom_retina_logo":0,"ocean_custom_logo_max_width":0,"ocean_custom_logo_tablet_max_width":0,"ocean_custom_logo_mobile_max_width":0,"ocean_custom_logo_max_height":0,"ocean_custom_logo_tablet_max_height":0,"ocean_custom_logo_mobile_max_height":0,"ocean_header_custom_menu":"0","ocean_menu_typo_font_family":"0","ocean_menu_typo_font_subset":"","ocean_menu_typo_font_size":0,"ocean_menu_typo_font_size_tablet":0,"ocean_menu_typo_font_size_mobile":0,"ocean_menu_typo_font_size_unit":"px","ocean_menu_typo_font_weight":"","ocean_menu_typo_font_weight_tablet":"","ocean_menu_typo_font_weight_mobile":"","ocean_menu_typo_transform":"","ocean_menu_typo_transform_tablet":"","ocean_menu_typo_transform_mobile":"","ocean_menu_typo_line_height":0,"ocean_menu_typo_line_height_tablet":0,"ocean_menu_typo_line_height_mobile":0,"ocean_menu_typo_line_height_unit":"","ocean_menu_typo_spacing":0,"ocean_menu_typo_spacing_tablet":0,"ocean_menu_typo_spacing_mobile":0,"ocean_menu_typo_spacing_unit":"","ocean_menu_link_color":"","ocean_menu_link_color_hover":"","ocean_menu_link_color_active":"","ocean_menu_link_background":"","ocean_menu_link_hover_background":"","ocean_menu_link_active_background":"","ocean_menu_social_links_bg":"","ocean_menu_social_hover_links_bg":"","ocean_menu_social_links_color":"","ocean_menu_social_hover_links_color":"","ocean_disable_title":"on","ocean_disable_heading":"default","ocean_post_title":"","ocean_post_subheading":"","ocean_post_title_style":"","ocean_post_title_background_color":"","ocean_post_title_background":0,"ocean_post_title_bg_image_position":"","ocean_post_title_bg_image_attachment":"","ocean_post_title_bg_image_repeat":"","ocean_post_title_bg_image_size":"","ocean_post_title_height":0,"ocean_post_title_bg_overlay":0.5,"ocean_post_title_bg_overlay_color":"","ocean_disable_breadcrumbs":"default","ocean_breadcrumbs_color":"","ocean_breadcrumbs_separator_color":"","ocean_breadcrumbs_links_color":"","ocean_breadcrumbs_links_hover_color":"","ocean_display_footer_widgets":"default","ocean_display_footer_bottom":"default","ocean_custom_footer_template":"0","footnotes":""},"class_list":["post-2178","page","type-page","status-publish","hentry","entry"],"_links":{"self":[{"href":"https:\/\/steinhauerstube.de\/CMS\/wp-json\/wp\/v2\/pages\/2178","targetHints":{"allow":["GET"]}}],"collection":[{"href":"https:\/\/steinhauerstube.de\/CMS\/wp-json\/wp\/v2\/pages"}],"about":[{"href":"https:\/\/steinhauerstube.de\/CMS\/wp-json\/wp\/v2\/types\/page"}],"author":[{"embeddable":true,"href":"https:\/\/steinhauerstube.de\/CMS\/wp-json\/wp\/v2\/users\/1"}],"replies":[{"embeddable":true,"href":"https:\/\/steinhauerstube.de\/CMS\/wp-json\/wp\/v2\/comments?post=2178"}],"version-history":[{"count":40,"href":"https:\/\/steinhauerstube.de\/CMS\/wp-json\/wp\/v2\/pages\/2178\/revisions"}],"predecessor-version":[{"id":2239,"href":"https:\/\/steinhauerstube.de\/CMS\/wp-json\/wp\/v2\/pages\/2178\/revisions\/2239"}],"wp:attachment":[{"href":"https:\/\/steinhauerstube.de\/CMS\/wp-json\/wp\/v2\/media?parent=2178"}],"curies":[{"name":"wp","href":"https:\/\/api.w.org\/{rel}","templated":true}]}}